{"id":3,"date":"2022-11-08T20:03:00","date_gmt":"2022-11-08T20:03:00","guid":{"rendered":"https:\/\/racorshop.de\/?page_id=3"},"modified":"2025-11-24T19:51:07","modified_gmt":"2025-11-24T19:51:07","slug":"privacy-policy","status":"publish","type":"page","link":"https:\/\/racorshop.de\/es\/politica-de-privacidad\/","title":{"rendered":"pol\u00edtica de privacidad"},"content":{"rendered":"<p>Wir erheben, verarbeiten und nutzen Ihre Daten nur im Rahmen der gesetzlichen Bestimmungen.<\/p>\n\n\n\n<p>Estos datos de protecci\u00f3n de datos son dorados exclusivamente para la nuez de las p\u00e1ginas web angebotenen. Sie gilt nicht f\u00fcr die Webseiten other Dienstanbieter, auf die wir lediglich durch einen Link verweisen.<\/p>\n\n\n\n<p>Bei der Nutzung unserer Webseiten bleiben Sie anonym, solange Sie uns nicht von sich aus freiwillig personenbezogene Daten zur Verf\u00fcgung stellen.<\/p>\n\n\n\n<p>Personenbezogene Daten werden nur dann erhoben, wenn dies f\u00fcr die Nutzung der auf der Webseite angebotenen Leistungen, insbesondere Formularangebote, erforderlich ist.<\/p>\n\n\n\n<p>Werden die von Ihnen zur Verf\u00fcgung gestellten Daten streng vertraulich behandeln. Ohne Ihre ausdr\u00fcckliche Einwilligung geben wir keine pers\u00f6nlichen Daten weiter, es sei denn, dass wir rechtlich dazu verpflichtet sind. Wir weisen jedoch darauf hin, dass es bei der \u00dcbermittlung von Daten im Internet immer dazu kommen kann, dass Dritte Ihre Daten zur Kenntnis nehmen oder verf\u00e4lschen.<\/p>\n\n\n\n<p>Sofern Sie es von uns verlangen, gew\u00e4hren wir Ihnen Einblick in die \u00fcber Sie gespeicherten Daten, beziehungsweise l\u00f6schen diese. Wenn Sie Daten berichtigen, l\u00f6schen oder einsehen wollen, gen\u00fcgt hierf\u00fcr ein Schreiben an die im Impressum angegebene Adresse.<\/p>\n\n\n\n<p>Im Rahmen der Benachrichtigung unserer Kunden \u00fcber Produktneuheiten, etc. senden wir Ihnen E-Mails nur zu, sofern Sie uns Ihre E-Mail-Adresse zur Verf\u00fcgung stellen.<\/p>\n\n\n\n<p><strong>M\u00e1s informaci\u00f3n:<\/strong><\/p>\n\n\n\n<p>Este es el Datenschutzerkl\u00e4rung der Car-in Automotive GmbH. Portalbetreiberin dieses online Angebotes ist die \u2013 Daniel Fahrenheit-Stra\u00dfe 4, 48291 Telgte, Alemania, die auch die verantwortliche Stelle f\u00fcr die Erhebung, Verarbeitung und Nutzung Ihrer personenbezogenen Daten im Sinne des Bundesdatenschutzgesetzes (BDSG) ist.<\/p>\n\n\n\n<p>Wir legen gr\u00f6\u00dften Wert auf den Schutz Ihrer Daten und die Wahrung Ihrer Privatsph\u00e4re. Nachstehend informieren wir Sie deshalb \u00fcber die Erhebung und Verwendung pers\u00f6nlicher Daten bei Nutzung this Webseite.<\/p>\n\n\n\n<p><strong>Personenbezogene Daten erheben, speichern und verwenden<\/strong><\/p>\n\n\n\n<p>Auf unserer Internetseite gibt es gesch\u00fctzte Bereiche, in denen wir Ihre pers\u00f6nlichen Daten abfragen und speichern. Laut \u00a7 3 Abs. 1 BDSG sind personenbezogene Daten Einzelangaben \u00fcber pers\u00f6nliche oder sachliche Verh\u00e4ltnisse einer bestimmten oder bestimmbaren nat\u00fcrlichen Person (Betroffener). Wir erheben, verarbeiten und nutzen Ihre pers\u00f6nlichen Daten nur dann, wenn Sie zuvor ausdr\u00fccklich eingewilligt haben.<\/p>\n\n\n\n<p>Zum Beispiel, wenn Sie Online-Formulare einreichen oder sich als Kunde registrieren, um Produkte auf unserer Website zu kaufen. Esta informaci\u00f3n se utiliza en un servidor gesch\u00fctzten en Deutschland gespeichert, wobei s\u00e4mtliche Informationen zu Ihrer Identit\u00e4t von uns nur dann erfasst werden, wenn Sie uns diese ausdr\u00fccklich mitteilen. Sie k\u00f6nnen Ihren Branchenbucheintrag jederzeit mit Ihren pers\u00f6nlichen Login-Daten l\u00f6schen. Sie k\u00f6nnen Ihre Einwilligung auch jederzeit durch eine Nachricht an info@car-in-automotive.de m\u00e1s amplio<\/p>\n\n\n\n<p>Selbstverst\u00e4ndlich beachten wir bei der Erhebung, dem Verwenden und Speichern von personenbezogenen Daten die Vorschriften des Bundesdatenschutzgesetzes, des Telemediengesetzes und ggf. weiterer anwendbarer Datenschutzbestimmungen.<\/p>\n\n\n\n<p><strong>Nutzung von Werbeanalyse-Dienstleister<\/strong><\/p>\n\n\n\n<p>No tenemos ning\u00fan Werbeanalyse-Dienstleister.<\/p>\n\n\n\n<p><strong>Uso de Facebook<\/strong><\/p>\n\n\n\n<p>Este sitio web est\u00e1 integrado en la red social de Facebook Inc., EE. UU., con el complemento &quot;Facebook-I-Like&quot; bzw. &quot;Facebook-Gef\u00e4llt-mir&quot;. Dabei haben wir auf die Einhaltung datenschutzrechtlicher Bestimmungen geachtet. Wir weisen aber ausdr\u00fccklich darauf hin, dass Sie bei der Benutzung des Facebook-Plugins auf dieser Website durch einfachen click auf das Facebook-Symbol, der Nutzung dieses Plugins y damit auch der Weitergabe von personenbezogenen Daten an den vorgenannten Social-Media-Service zustimmen. Wir haben keinen Einfluss auf die Art und Weise der Nutzung Ihrer Daten. Si una fecha defectuosa no est\u00e1 disponible correctamente, no se activar\u00e1n las funciones predeterminadas. Aqu\u00ed encontrar\u00e1 informaci\u00f3n sobre la publicaci\u00f3n y la informaci\u00f3n de las fechas en Facebook.<\/p>\n\n\n\n<p><strong>Exhibici\u00f3n<\/strong><\/p>\n\n\n\n<p>Sie k\u00f6nnen jederzeit Auskunft \u00fcber Ihre gespeicherten Daten verlangen. Ebenso haben Sie jederzeit das Recht, dass Ihre Daten jederzeit unentgeltlich gel\u00f6scht, ge\u00e4ndert oder gesperrt werden. Schicken Sie dazu eine Nachricht an den Betreiber: info@ car-in-automotive.de<\/p>\n\n\n\n<p>Wir weisen ausdr\u00fccklich darauf hin, dass die Daten\u00fcbertragung im Internet (zB bei der Kommunikation per E-Mail) Sicherheitsl\u00fccken aufweisen und nicht l\u00fcckenlos vor dem Zugriff durch Dritte gesch\u00fctzt werden kann.<\/p>\n\n\n\n<p><strong>Keine Haftung f\u00fcr Partner-Seiten<\/strong><\/p>\n\n\n\n<p>Weisen darauf hin, dass unsere Partner y otros sitios de Internet, die \u00fcber unser Online-Angebot zug\u00e4nglich sind, eigene und von uns unabh\u00e4ngige Datenschutz-Richtlinien haben, f\u00fcr die wir keine Verantwortung oder Haftung \u00fcbernehmen.<\/p>\n\n\n\n<p><strong>Unser Recht auf \u00c4nderung der Richtlinien mit Ank\u00fcndigung<\/strong><\/p>\n\n\n\n<p>Wir behalten uns das Recht vor, jederzeit diese Richtlinien unter Beachtung der datenschutzrechtlichen Vorgaben zu \u00e4ndern.<\/p>\n\n\n\n<p>24 November 2025<\/p>\n\n\n\n<p><strong>Aviso de derechos de autor<\/strong><\/p>\n\n\n\n<p>Online-Streitbeilegung gem\u00e4\u00df Art. 14 abdominales. 1 ODR-VO: Die Europ\u00e4ische Kommission stellt eine Plattform zur Online-Streitbeilegung (OS) bereit, die Sie unter http:\/\/ec.europa.eu\/consumers\/odr\/ finden. Dar\u00fcber hinaus nimmt unser Betrieb an einem Verbraucherstreitigkeitsverfahren nicht teil.<\/p>","protected":false},"excerpt":{"rendered":"<p>Wir erheben, verarbeiten und nutzen Ihre Daten nur im Rahmen der gesetzlichen Bestimmungen. Diese Datenschutzerkl\u00e4rung gilt ausschlie\u00dflich f\u00fcr die Nutzung der von uns angebotenen Webseiten. Sie gilt nicht f\u00fcr die Webseiten anderer Dienstanbieter, auf die wir lediglich durch einen Link verweisen. Bei der Nutzung unserer Webseiten bleiben Sie anonym, solange Sie uns nicht von sich [&hellip;]<\/p>","protected":false},"author":1,"featured_media":0,"parent":0,"menu_order":0,"comment_status":"closed","ping_status":"open","template":"","meta":{"_seopress_robots_primary_cat":"","_seopress_titles_title":"","_seopress_titles_desc":"","_seopress_robots_index":"","footnotes":""},"class_list":["post-3","page","type-page","status-publish","hentry"],"acpt":null,"_links":{"self":[{"href":"https:\/\/racorshop.de\/es\/wp-json\/wp\/v2\/pages\/3","targetHints":{"allow":["GET"]}}],"collection":[{"href":"https:\/\/racorshop.de\/es\/wp-json\/wp\/v2\/pages"}],"about":[{"href":"https:\/\/racorshop.de\/es\/wp-json\/wp\/v2\/types\/page"}],"author":[{"embeddable":true,"href":"https:\/\/racorshop.de\/es\/wp-json\/wp\/v2\/users\/1"}],"replies":[{"embeddable":true,"href":"https:\/\/racorshop.de\/es\/wp-json\/wp\/v2\/comments?post=3"}],"version-history":[{"count":8,"href":"https:\/\/racorshop.de\/es\/wp-json\/wp\/v2\/pages\/3\/revisions"}],"predecessor-version":[{"id":3587,"href":"https:\/\/racorshop.de\/es\/wp-json\/wp\/v2\/pages\/3\/revisions\/3587"}],"wp:attachment":[{"href":"https:\/\/racorshop.de\/es\/wp-json\/wp\/v2\/media?parent=3"}],"curies":[{"name":"wp","href":"https:\/\/api.w.org\/{rel}","templated":true}]}}